{"id":696,"date":"2016-07-26T14:38:40","date_gmt":"2016-07-26T13:38:40","guid":{"rendered":"http:\/\/maisondebegon.com\/wordpress\/?page_id=696"},"modified":"2025-07-09T16:08:27","modified_gmt":"2025-07-09T14:08:27","slug":"danse-contemporaine","status":"publish","type":"page","link":"http:\/\/maisondebegon.com\/index.php\/danse-contemporaine\/","title":{"rendered":"Danse Contemporaine"},"content":{"rendered":"<div class=\"mp-row-fluid motopress-row mpce-dsbl-margin-left mpce-dsbl-margin-right\">\n<div class=\"mp-span12 motopress-clmn  mpce-dsbl-margin-left mpce-dsbl-margin-right motopress-margin-top-0 motopress-margin-bottom-10\">\n<div class=\"motopress-text-obj\">\n<h3 style=\"text-align: center;\"><span style=\"font-size: 24px; color: #e10707;\"><strong>Racontez une histoire avec votre corps !<\/strong><\/span><\/h3>\n<\/div>\n<\/div>\n<\/div>\n<div class=\"mp-row-fluid motopress-row mpce-dsbl-margin-left mpce-dsbl-margin-right\">\n<div class=\"mp-span12 motopress-clmn  mpce-dsbl-margin-left mpce-dsbl-margin-right\">\n<div class=\"motopress-image-obj motopress-text-align-left\"><img decoding=\"async\" src=\"http:\/\/maisondebegon.com\/wp-content\/uploads\/2016\/07\/Danse-Contemporaine-Header-1.jpg\" title=\"Danse Contemporaine 2\" alt=\"La Maison de B\u00e9gon propose des cours de Danse Contemporaine avec Fran\u00e7oise Durand-Marnier\" class=\"motopress-image-obj-basic mpce-dsbl-margin-left mpce-dsbl-margin-right mpce-dsbl-margin-top mpce-dsbl-margin-bottom\" \/><\/div>\n<\/div>\n<\/div>\n<div class=\"mp-row-fluid motopress-row mpce-dsbl-margin-left mpce-dsbl-margin-right\">\n<div class=\"mp-span6 motopress-clmn  mpce-dsbl-margin-left mpce-dsbl-margin-right motopress-margin-top-10 motopress-margin-bottom-10\">\n<div class=\"motopress-text-obj\">\n<p style=\"text-align: center;\"><span style=\"color: #808080;\"><span style=\"background-color: inherit;\">Informations au <span style=\"color: #ff6600;\">02 54 43 35 36<\/span> ou <a href=\"mailto:accueil@maisondebegon.com\"><span style=\"color: #ff6600;\">accueil@maisondebegon.com<\/span><\/a><\/span><br \/>\n<\/span><\/p>\n<p style=\"text-align: center;\"><span style=\"color: #808080;\">Inscriptions sur place toute l\u2019ann\u00e9e.<\/span><\/p>\n<\/div>\n<\/div>\n<div class=\"mp-span6 motopress-clmn  mpce-dsbl-margin-left mpce-dsbl-margin-right motopress-margin-top-10 motopress-margin-bottom-10\">\n<div class=\"motopress-text-obj\">\n<p class=\"MsoNormal\" style=\"text-align: center;\"><span style=\"background-color: inherit;\"><span style=\"color: #808080;\">Par <span style=\"color: #ff6600;\">Fran\u00e7oise Durand-Marnier<\/span>, professeur d\u2019\u00e9veil et initiation \u00e0 la danse et de danse contemporaine. Danseuse au sein de compagnies.<\/span><\/span><\/p>\n<\/div>\n<\/div>\n<\/div>\n<div class=\"mp-row-fluid motopress-row mpce-dsbl-margin-left mpce-dsbl-margin-right\">\n<div class=\"mp-span12 motopress-clmn  mpce-dsbl-margin-left mpce-dsbl-margin-right\">\n<div class=\"motopress-video-obj\"><iframe src=\"\/\/www.youtube.com\/embed\/wQ2_QgBeQks?wmode=opaque\" class=\" mpce-dsbl-margin-left mpce-dsbl-margin-right mpce-dsbl-margin-top mpce-dsbl-margin-bottom\" frameborder=\"0\" webkitallowfullscreen mozallowfullscreen allowfullscreen><\/iframe><\/div>\n<\/div>\n<\/div>\n<div class=\"mp-row-fluid motopress-row mpce-dsbl-margin-left mpce-dsbl-margin-right\">\n<div class=\"mp-span7 motopress-clmn  mpce-dsbl-margin-left mpce-dsbl-margin-right motopress-margin-top-10 motopress-margin-bottom-10\">\n<div class=\"motopress-text-obj\">\n<p style=\"text-align: left;\"><span style=\"color: #808080;\"><span style=\"background-color: inherit;\">La danse contemporaine est un v\u00e9ritable art de raconter une histoire avec le corps pour communiquer un message ou une \u00e9motion.<\/span><br \/>\n<\/span><\/p>\n<p style=\"text-align: left;\"><span style=\"color: #808080;\">Chaque cours s\u2019organise en d\u00e9butant par une partie \u00e9chauffement avec diff\u00e9rents exercices et parfois improvisations, une partie de composition pour laisser s\u2019exprimer la cr\u00e9ativit\u00e9 de chacun, et enfin l\u2019apprentissage d\u2019une chor\u00e9graphie.<\/span><\/p>\n<\/div>\n<\/div>\n<div class=\"mp-span5 motopress-clmn  mpce-dsbl-margin-left mpce-dsbl-margin-right motopress-margin-top-10 motopress-margin-bottom-10\">\n<div class=\"motopress-text-obj\">\n<p style=\"text-align: left;\"><span style=\"color: #808080;\"><span style=\"background-color: inherit;\">Diff\u00e9rents th\u00e8mes seront abord\u00e9s (coordination, sol, contact\u2026) sur des musiques entra\u00eenantes, et le niveau technique sera modul\u00e9 suivant l\u2019\u00e2ge et le niveau de chacun.<\/span><br \/>\n<\/span><\/p>\n<p style=\"text-align: left;\"><span style=\"color: #808080;\">Tenue d\u00e9contract\u00e9e, cheveux attach\u00e9s, pas de bijoux.<\/span><\/p>\n<\/div>\n<\/div>\n<\/div>\n<div class=\"mp-row-fluid motopress-row mpce-dsbl-margin-left mpce-dsbl-margin-right\">\n<div class=\"mp-span12 motopress-clmn  mpce-dsbl-margin-left mpce-dsbl-margin-right\">\n<div class=\"motopress-tabs-obj motopress-tabs-no-vertical motopress-tabs-padding-20 motopress-tabs-basic\" id=\"tabs69f29aa6cfc20\">\n<ul>\n<li data-tab-no=\"0\" class=\"ui-tabs-nav-item\"><a href=\"#5808c1253613b\"><i class=\"fa fa-user\"  style=\" color: inherit; padding-left: 5px; padding-right: 5px; padding-top: 0px; padding-bottom: 0px;\"><\/i><span class=\"tab-text\">Niveaux<\/span><\/a><\/li>\n<li data-tab-no=\"1\" class=\"ui-tabs-nav-item\"><a href=\"#5808c1253613c\"><i class=\"fa fa-calendar\"  style=\" color: inherit; padding-left: 5px; padding-right: 5px; padding-top: 0px; padding-bottom: 0px;\"><\/i><span class=\"tab-text\">Calendrier<\/span><\/a><\/li>\n<li data-tab-no=\"2\" class=\"ui-tabs-nav-item\"><a href=\"#5808c1a236168\"><i class=\"fa fa-print\"  style=\" color: inherit; padding-left: 5px; padding-right: 5px; padding-top: 0px; padding-bottom: 0px;\"><\/i><span class=\"tab-text\">Adh\u00e9sion 2025 \/ 2026<\/span><\/a><\/li>\n<li data-tab-no=\"3\" class=\"ui-tabs-nav-item\"><a href=\"#5808c1ca361a2\"><i class=\"fa fa-euro\"  style=\" color: inherit; padding-left: 5px; padding-right: 5px; padding-top: 0px; padding-bottom: 0px;\"><\/i><span class=\"tab-text\">Tarifs d\u00e9gressifs<\/span><\/a><\/li>\n<\/ul>\n<div class=\"motopress-tab\" id=\"5808c1253613b\">\n<p><span style=\"color: #333333;\"><span style=\"font-family: 'Josefin Sans';\"><span style=\"font-size: small;\"><b><strong>Ados \/ Adultes \u00e0 partir de 15 ans<\/strong><\/b><\/span><\/span><\/span><\/p>\n<p><span style=\"color: #333333;\"><span style=\"font-family: 'Josefin Sans';\"><span style=\"font-size: small;\"><b>Niveau d\u00e9butant\/moyen<\/b><\/span><\/span><\/span><\/p>\n<p><span style=\"color: #333333;\"><span style=\"font-family: 'Josefin Sans';\"><span style=\"font-size: small;\"><b>Mercredi de 18h30 \u00e0 20h<\/b><\/span><\/span><\/span><\/p>\n<p><span style=\"color: #333333;\"><span style=\"font-family: 'Josefin Sans';\"><span style=\"font-size: small;\"><b>210\u20ac pour la saison<\/b><\/span><\/span><\/span><\/p>\n<p><strong><span style=\"color: #333333;\"><span style=\"font-family: 'Josefin Sans';\"><span style=\"font-size: small;\"><b>Adultes<\/b><\/span><\/span><\/span><\/strong><\/p>\n<p><span style=\"color: #333333;\"><span style=\"font-family: 'Josefin Sans';\"><span style=\"font-size: small;\"><b>Niveau moyen\/avanc\u00e9<\/b><\/span><\/span><\/span><\/p>\n<p><span style=\"color: #333333;\"><span style=\"font-family: 'Josefin Sans';\"><span style=\"font-size: small;\"><b>Mercredi de 20h \u00e0 21h30<\/b><\/span><\/span><\/span><\/p>\n<p><span style=\"color: #333333;\"><span style=\"font-family: 'Josefin Sans';\"><span style=\"font-size: small;\"><b>210\u20ac pour la saison<\/b><\/span><\/span><\/span><\/p>\n<p><span style=\"color: #333333;\"><span style=\"font-family: 'Josefin Sans';\"><span style=\"font-size: small;\"><i><b>Stages et ateliers de danse contemporaine avec Fran\u00e7oise ou avec la M\u00e9canique du Bonheur (pour les 50 ans et plus)<\/b><\/i><\/span><\/span><\/span><\/p>\n<\/div>\n<div class=\"motopress-tab\" id=\"5808c1253613c\">\n<p align=\"justify\"><span style=\"color: #333333;\"><span style=\"font-family: 'Josefin Sans';\"><span style=\"font-size: small;\"><b>La reprise des cours se fera \u00e0 partir du 15 septembre 2025.<\/b><\/span><\/span><\/span><\/p>\n<p><span style=\"color: #333333;\"><span style=\"font-family: 'Josefin Sans';\"><span style=\"font-size: small;\"><b>Les activit\u00e9s se termineront le 19 juin 2026.<\/b><\/span><\/span><\/span><\/p>\n<p><span style=\"color: #333333;\"><span style=\"font-family: 'Josefin Sans';\"><span style=\"font-size: small;\"><b>Il n\u2019y aura pas de cours pendant les vacances scolaires.<\/b><\/span><\/span><\/span><\/p>\n<\/div>\n<div class=\"motopress-tab\" id=\"5808c1a236168\">\n<p align=\"justify\"><span style=\"color: #333333;\"><span style=\"font-family: 'Josefin Sans';\"><span style=\"font-size: small;\"><b>Il est n\u00e9cessaire d\u2019\u00eatre adh\u00e9rent \u00e0 la Maison de B\u00e9gon pour s\u2019inscrire aux cours et aux stages pr\u00e9sent\u00e9s.<\/b><\/span><\/span><\/span><\/p>\n<p><span style=\"color: #333333;\"><span style=\"font-family: 'Josefin Sans';\"><span style=\"font-size: small;\"><b>L\u2019adh\u00e9sion est valable jusqu\u2019au 31 ao\u00fbt 2026 :<\/b><\/span><\/span><\/span><\/p>\n<ul>\n<li><span style=\"color: #333333;\"><span style=\"font-family: 'Josefin Sans';\"><span style=\"font-size: small;\"><b>Familiale : 15\u20ac<\/b><\/span><\/span><\/span><\/li>\n<li><span style=\"color: #333333;\"><span style=\"font-family: 'Josefin Sans';\"><span style=\"font-size: small;\"><b>Moins de 25 ans individuelle : 10\u20ac<\/b><\/span><\/span><\/span><\/li>\n<li><span style=\"color: #333333;\"><span style=\"font-family: 'Josefin Sans';\"><span style=\"font-size: small;\"><b>Association : 50\u20ac<\/b><\/span><\/span><\/span><\/li>\n<\/ul>\n<p><span style=\"color: #333333;\"><span style=\"font-family: 'Josefin Sans';\"><span style=\"font-size: small;\"><b>Toute adh\u00e9sion souscrite \u00e0 l&rsquo;ALCV, l&rsquo;ALEP, la Maison des Provinces,\u00a0l\u2019espace Mirabeau, l\u2019espace Quini\u00e8re Rosa Parks et la Maison de B\u00e9gon est valable dans ces 6 structures uniquement pour les inscriptions aux cours, aux stages et aux projets divers.<\/b><\/span><\/span><\/span><\/p>\n<p><span style=\"color: #333333;\"><span style=\"font-family: 'Josefin Sans';\"><span style=\"font-size: small;\"><b>Vous pouvez essayer les cours du 11 au\u00a030\u00a0septembre 2023.<\/b><\/span><\/span><\/span><\/p>\n<\/div>\n<div class=\"motopress-tab\" id=\"5808c1ca361a2\">\n<p><span style=\"color: #333333;\"><span style=\"font-family: 'Josefin Sans';\"><span style=\"font-size: small;\"><b>Nous vous proposons des tarifs d\u00e9gressifs en fonction du nombre d\u2019activit\u00e9s pratiqu\u00e9es :<\/b><\/span><\/span><\/span><\/p>\n<ul>\n<li><span style=\"color: #333333;\"><span style=\"font-family: 'Josefin Sans';\"><span style=\"font-size: small;\"><b>-10% pour la 2<sup>\u00e8me<\/sup><\/b><\/span><\/span><\/span><\/li>\n<li><span style=\"color: #333333;\"><span style=\"font-family: 'Josefin Sans';\"><span style=\"font-size: small;\"><b>-20% \u00e0 partir de la 3<sup>\u00e8me<\/sup><\/b><\/span><\/span><\/span><\/li>\n<\/ul>\n<p><span style=\"color: #333333;\"><span style=\"font-family: 'Josefin Sans';\"><span style=\"font-size: small;\"><b>Les cotisations sont payables pour l\u2019ann\u00e9e enti\u00e8re au d\u00e9marrage de l\u2019activit\u00e9.<\/b><\/span><\/span><\/span><\/p>\n<p><span style=\"color: #333333;\"><span style=\"font-family: 'Josefin Sans';\"><span style=\"font-size: small;\"><b>Au-del\u00e0 de 60\u20ac, le paiement peut se faire par ch\u00e8que bancaire en quatre fois.<\/b><\/span><\/span><\/span><\/p>\n<p><span style=\"color: #333333;\"><span style=\"font-family: 'Josefin Sans';\"><span style=\"font-size: small;\"><b>Nous acceptons l\u2019ensemble des aides : Comit\u00e9 d\u2019Entreprise, Ch\u00e8ques Vacances, Passeport Temps Libre de la CAF, tarifs sociaux&#8230;<\/b><\/span><\/span><\/span><\/p>\n<\/div>\n<p class=\"motopress-hide-script\"><script type=\"text\/javascript\">\n                    var mpTabs69f29aa6cfc20 = jQuery(\"#tabs69f29aa6cfc20\");\n                    jQuery(document).ready(function($) {\n                        if ($(\"base\").length) {\n\t\t\t                mpTabs69f29aa6cfc20.find(\"ul li a\").each(function() {\n\t\t\t\t\t\t\t    $(this).attr(\"href\", location.href.toString() + $(this).attr(\"href\"));\n\t\t\t\t\t\t\t});\n\t\t\t\t\t\t}\n                        if (mpTabs69f29aa6cfc20.data(\"uiTabs\")) {\n                            mpTabs69f29aa6cfc20.tabs(\"destroy\");\n                        }\n                        mpTabs69f29aa6cfc20.tabs({\n                            active: 0\n                        });\n                        ;\n                        ;\n                    });\n                    jQuery(window).load(function() {\n                        ;\n                    });\n                     <\/script><\/p>\n<\/div>\n<\/div>\n<\/div>\n","protected":false},"excerpt":{"rendered":"","protected":false},"author":1,"featured_media":0,"parent":0,"menu_order":0,"comment_status":"closed","ping_status":"closed","template":"","meta":{"_uag_custom_page_level_css":"","_wp_convertkit_post_meta":{"form":"-1","landing_page":"0","tag":"0","restrict_content":"0"},"jetpack_post_was_ever_published":false,"footnotes":""},"class_list":["post-696","page","type-page","status-publish","czr-hentry"],"uagb_featured_image_src":{"full":false,"thumbnail":false,"medium":false,"medium_large":false,"large":false,"1536x1536":false,"2048x2048":false,"depicter-thumbnail":false,"tc-grid-full":false,"tc-grid":false,"tc-thumb":false,"slider-full":false,"slider":false,"sendpress-max":false},"uagb_author_info":{"display_name":"Maison de B\u00e9gon","author_link":"http:\/\/maisondebegon.com\/author\/maisonb\/"},"uagb_comment_info":0,"uagb_excerpt":null,"jetpack_sharing_enabled":true,"_links":{"self":[{"href":"http:\/\/maisondebegon.com\/index.php\/wp-json\/wp\/v2\/pages\/696","targetHints":{"allow":["GET"]}}],"collection":[{"href":"http:\/\/maisondebegon.com\/index.php\/wp-json\/wp\/v2\/pages"}],"about":[{"href":"http:\/\/maisondebegon.com\/index.php\/wp-json\/wp\/v2\/types\/page"}],"author":[{"embeddable":true,"href":"http:\/\/maisondebegon.com\/index.php\/wp-json\/wp\/v2\/users\/1"}],"replies":[{"embeddable":true,"href":"http:\/\/maisondebegon.com\/index.php\/wp-json\/wp\/v2\/comments?post=696"}],"version-history":[{"count":31,"href":"http:\/\/maisondebegon.com\/index.php\/wp-json\/wp\/v2\/pages\/696\/revisions"}],"predecessor-version":[{"id":10151,"href":"http:\/\/maisondebegon.com\/index.php\/wp-json\/wp\/v2\/pages\/696\/revisions\/10151"}],"wp:attachment":[{"href":"http:\/\/maisondebegon.com\/index.php\/wp-json\/wp\/v2\/media?parent=696"}],"curies":[{"name":"wp","href":"https:\/\/api.w.org\/{rel}","templated":true}]}}